{"id":8916,"date":"2018-06-05T13:34:13","date_gmt":"2018-06-05T13:34:13","guid":{"rendered":"https:\/\/www.heilig-group.com\/history\/"},"modified":"2025-08-12T10:40:58","modified_gmt":"2025-08-12T10:40:58","slug":"historia","status":"publish","type":"page","link":"https:\/\/www.heilig-group.com\/sk\/historia\/","title":{"rendered":"Hist\u00f3ria"},"content":{"rendered":"<section class=\"l-section wpb_row height_large with_img\"><div class=\"l-section-img\" role=\"img\" aria-label=\"Obr\u00e1zok\" data-img-width=\"1920\" data-img-height=\"355\" style=\"background-image: url(https:\/\/www.heilig-group.com\/wp-content\/uploads\/2025\/08\/HeiligGroup_Header_Historie2.jpg);\"><\/div><div class=\"l-section-h i-cf\"><div class=\"g-cols vc_row via_grid cols_1 laptops-cols_inherit tablets-cols_inherit mobiles-cols_1 valign_top type_default stacking_default\"><div class=\"wpb_column vc_column_container\"><div class=\"vc_column-inner\"><h1 class=\"w-post-elm post_title us_custom_8b3d6790 has_text_color align_left entry-title color_link_inherit\">Hist\u00f3ria<\/h1><nav class=\"g-breadcrumbs us_custom_89e92469 has_text_color separator_icon align_left\" itemscope itemtype=\"http:\/\/schema.org\/BreadcrumbList\"><div class=\"g-breadcrumbs-item\" itemscope itemprop=\"itemListElement\" itemtype=\"http:\/\/schema.org\/ListItem\"><a itemprop=\"item\" href=\"https:\/\/www.heilig-group.com\/sk\/\"><span itemprop=\"name\">Domovsk\u00e1 str\u00e1nka<\/span><\/a><meta itemprop=\"position\" content=\"1\"\/><\/div><div class=\"g-breadcrumbs-separator\"><i class=\"far fa-angle-right\"><\/i><\/div><div class=\"g-breadcrumbs-item\">Str\u00e1nky<\/div><\/nav><\/div><\/div><\/div><\/div><\/section><section class=\"l-section wpb_row height_medium\"><div class=\"l-section-h i-cf\"><div class=\"g-cols vc_row via_grid cols_1 laptops-cols_inherit tablets-cols_inherit mobiles-cols_1 valign_top type_default stacking_default\"><div class=\"wpb_column vc_column_container us_custom_09f56640\"><div class=\"vc_column-inner\"><div class=\"wpb_text_column\"><div class=\"wpb_wrapper\"><h1>Hist\u00f3ria skupiny Heilig<\/h1>\n<\/div><\/div><div class=\"w-separator size_small\"><\/div><div class=\"g-cols wpb_row via_grid cols_2 laptops-cols_inherit tablets-cols_inherit mobiles-cols_1 valign_top type_default stacking_default\" style=\"--columns-gap:3rem;\"><div class=\"wpb_column vc_column_container\"><div class=\"vc_column-inner\"><div class=\"wpb_text_column\"><div class=\"wpb_wrapper\"><p>Firmu Heilig zalo\u017eil Nico Maria Heilig v roku 1978. Odvtedy sa spolo\u010dnos\u0165 rozr\u00e1stla z malej firmy s jednou zv\u00e1ra\u010dkou na medzin\u00e1rodne uzn\u00e1van\u00fa skupinu spolo\u010dnost\u00ed, ktor\u00e1 pon\u00faka n\u00e1vrh a v\u00fdrobu r\u00f4znych typov strojov a zariaden\u00ed.<br \/>\nPoslan\u00edm na\u0161ej organiz\u00e1cie je pon\u00faknu\u0165 na\u0161im z\u00e1kazn\u00edkom cel\u00fd rad rie\u0161en\u00ed v oblasti in\u017einierstva, v\u00fdvoja, v\u00fdroby a in\u0161tal\u00e1cie.<\/p>\n<\/div><\/div><\/div><\/div><div class=\"wpb_column vc_column_container\"><div class=\"vc_column-inner\"><div class=\"wpb_text_column\"><div class=\"wpb_wrapper\"><p>Jednotliv\u00e9 spolo\u010dnosti skupiny Heilig pon\u00fakaj\u00fa kompletn\u00fa koncepciu rie\u0161en\u00ed v oblasti <a href=\"http:\/\/www.bezner.com\" target=\"_blank\" rel=\"noopener noreferrer\"><strong>recykl\u00e1cie<\/strong><\/a>, <a href=\"http:\/\/www.bezner.com\" target=\"_blank\" rel=\"noopener noreferrer\"><strong>odpadov\u00e9ho hospod\u00e1rstva<\/strong><\/a>, <a href=\"http:\/\/www.heiligbv.com\"><strong>manipul\u00e1cie sypk\u00fdch materi\u00e1lov<\/strong><\/a>, <a href=\"http:\/\/www.bezner-oswald.com\" target=\"_blank\" rel=\"noopener noreferrer\"><strong>spracovania dreva<\/strong><\/a>, <a href=\"http:\/\/www.geurtsheatexchangers.com\" target=\"_blank\" rel=\"noopener noreferrer\"><strong>v\u00fdmeny tepla<\/strong><\/a>, <a href=\"http:\/\/www.heiligmixers.com\" target=\"_blank\" rel=\"noopener noreferrer\"><strong>priemyseln\u00fdch mie\u0161adiel<\/strong><\/a> a <a href=\"http:\/\/www.beemster.nl\/en\" target=\"_blank\" rel=\"noopener noreferrer\"><strong>elektrick\u00fdch in\u0161tal\u00e1ci\u00ed<\/strong><\/a>. Navy\u0161e v\u010faka svojmu p\u00f4sobeniu v r\u00f4znych eur\u00f3pskych krajin\u00e1ch tvor\u00ed skupina Heilig Group siln\u00fd a popredn\u00fd konglomer\u00e1t, ktor\u00fd sl\u00fa\u017ei z\u00e1kazn\u00edkom po celom svete.<\/p>\n<\/div><\/div><\/div><\/div><\/div><\/div><\/div><\/div><\/div><\/section><section class=\"l-section wpb_row height_small\"><div class=\"l-section-h i-cf\"><div class=\"g-cols vc_row via_grid cols_1 laptops-cols_inherit tablets-cols_inherit mobiles-cols_1 valign_top type_default stacking_default\"><div class=\"wpb_column vc_column_container\"><div class=\"vc_column-inner\"><div class=\"wpb_text_column historie\"><div class=\"wpb_wrapper\">\t\t\t<section id=\"cd-timeline\" class=\"cd-container timeline-express\">\n\n\t\t\t\n<div class=\"cd-timeline-block janu\u00e1r 01 1978 announcement-no-image announcement-9088\">\n\n\t\n\t\t<div class=\"cd-timeline-img cd-picture icon-no-readmore\" style=\"background:#ffd800;\">\n\n\t\t\t<!-- Custom Action Hook -->\n\t\t\t\n\t\t\t\t<!-- Standard Font Awesome Icon -->\n\t\t\t\t<span class=\"fa fa-gears\" title=\"N.M. Heilig\"><\/span>\n\n\t\t\t\n\t\t<\/div> <!-- cd-timeline-img -->\n\n\t\n\t<!-- Timeline Content -->\n\t<div class=\"cd-timeline-content\">\n\n\t\t\n\t\t<!-- Announcement Title -->\n\t\t<div class=\"cd-timeline-title-container\">\n\n\t\t\t\n\t\t\t<h2 class=\"cd-timeline-item-title\">\n\t\t\t\tN.M. Heilig\t\t\t<\/h2>\n\n\t\t\t\t\t<\/div>\n\t\t<!-- End Announcement Title -->\n\n\t\t\n\t\t<!-- Announcement Excerpt -->\n\t\t<div class=\"the-excerpt\">\n\t\t\t<p>Firmu N.M. Heilig zalo\u017eil v roku 1978 Nicolaas Maria Heilig za \u00fa\u010delom dod\u00e1vky strojov a \u00fadr\u017ebu syst\u00e9mov manipul\u00e1cie s vo\u013ene sypan\u00fdm materi\u00e1lom. Tieto slu\u017eby boli po\u010diatkom bezkonkuren\u010dn\u00e9ho \u00faspechu a v priebehu rokov viedli k \u0161pecializ\u00e1ci\u00ed n\u00e1vrhu a v\u00fdroby strojov a zariaden\u00ed pre procesn\u00fd a tie\u017e recykla\u010dn\u00fd priemysel.<\/p>\n\t\t<\/div>\n\t\t<!-- End Announcement Excerpt -->\n\n\t\t\n\t<\/div>\n\t<!-- End Timeline Content -->\n\n<\/div>\n<!-- End Timeline Block -->\n\n<div class=\"cd-timeline-block janu\u00e1r 01 1996 announcement-no-image announcement-9086\">\n\n\t\n\t\t<div class=\"cd-timeline-img cd-picture icon-no-readmore\" style=\"background:#ffd800;\">\n\n\t\t\t<!-- Custom Action Hook -->\n\t\t\t\n\t\t\t\t<!-- Standard Font Awesome Icon -->\n\t\t\t\t<span class=\"fa fa-gears\" title=\"Recco Equipment\"><\/span>\n\n\t\t\t\n\t\t<\/div> <!-- cd-timeline-img -->\n\n\t\n\t<!-- Timeline Content -->\n\t<div class=\"cd-timeline-content\">\n\n\t\t\n\t\t<!-- Announcement Title -->\n\t\t<div class=\"cd-timeline-title-container\">\n\n\t\t\t\n\t\t\t<h2 class=\"cd-timeline-item-title\">\n\t\t\t\tRecco Equipment\t\t\t<\/h2>\n\n\t\t\t\t\t<\/div>\n\t\t<!-- End Announcement Title -->\n\n\t\t\n\t\t<!-- Announcement Excerpt -->\n\t\t<div class=\"the-excerpt\">\n\t\t\t<p>Na \u017eiados\u0165 z\u00e1kazn\u00edkov za\u010dala spolo\u010dnos\u0165 Heilig Exploitatie (v s\u00fa\u010dasnosti Recco Equipment) v roku 1997 pon\u00faka\u0165 r\u00f4zne finan\u010dn\u00e9 a investi\u010dn\u00e9 slu\u017eby pre procesn\u00e9 technol\u00f3gie na recykl\u00e1ciu a manipul\u00e1ciu so sypk\u00fdmi materi\u00e1lmi, ktor\u00e9 Heilig Group navrhuje a vyr\u00e1ba. Heilig Exploitatie pon\u00faka prev\u00e1dzkov\u00e9 riadenie, ako aj \u00fadr\u017ebu syst\u00e9mov.<\/p>\n\t\t<\/div>\n\t\t<!-- End Announcement Excerpt -->\n\n\t\t\n\t<\/div>\n\t<!-- End Timeline Content -->\n\n<\/div>\n<!-- End Timeline Block -->\n\n<div class=\"cd-timeline-block janu\u00e1r 01 2000 announcement-no-image announcement-9091\">\n\n\t\n\t\t<div class=\"cd-timeline-img cd-picture icon-no-readmore\" style=\"background:#ffd800;\">\n\n\t\t\t<!-- Custom Action Hook -->\n\t\t\t\n\t\t\t\t<!-- Standard Font Awesome Icon -->\n\t\t\t\t<span class=\"fa fa-gears\" title=\"Antha-Pol\"><\/span>\n\n\t\t\t\n\t\t<\/div> <!-- cd-timeline-img -->\n\n\t\n\t<!-- Timeline Content -->\n\t<div class=\"cd-timeline-content\">\n\n\t\t\n\t\t<!-- Announcement Title -->\n\t\t<div class=\"cd-timeline-title-container\">\n\n\t\t\t\n\t\t\t<h2 class=\"cd-timeline-item-title\">\n\t\t\t\tAntha-Pol\t\t\t<\/h2>\n\n\t\t\t\t\t<\/div>\n\t\t<!-- End Announcement Title -->\n\n\t\t\n\t\t<!-- Announcement Excerpt -->\n\t\t<div class=\"the-excerpt\">\n\t\t\t<p>V roku 2000 sa po\u013esk\u00e1 spolo\u010dnos\u0165 Antha-Pol stala s\u00fa\u010das\u0165ou skupiny Heilig Group. Spolo\u010dnos\u0165 bola b\u00fdval\u00fdm v\u00fdrobn\u00fdm z\u00e1vodom pre holandsk\u00fa spolo\u010dnos\u0165 zaoberaj\u00facu sa v\u00fdrobou po\u013enohospod\u00e1rskych strojov. Po prevzat\u00ed, sa spolo\u010dnos\u0165 Antha-Pol za\u010dala orientova\u0165 na n\u00e1vrh a v\u00fdrobu strojov pre spolo\u010dnos\u0165 NM Heilig BV. V s\u00fa\u010dasnosti sa spolo\u010dnos\u0165 \u0161pecializuje na n\u00e1vrh a v\u00fdrobu strojov a zariaden\u00ed pre procesn\u00fd a recykla\u010dn\u00fd priemysel, najm\u00e4 pre Po\u013esk\u00fd, \u010cesk\u00fd a Slovinsk\u00fd trh.<\/p>\n\t\t<\/div>\n\t\t<!-- End Announcement Excerpt -->\n\n\t\t\n\t<\/div>\n\t<!-- End Timeline Content -->\n\n<\/div>\n<!-- End Timeline Block -->\n\n<div class=\"cd-timeline-block janu\u00e1r 01 2006 announcement-no-image announcement-9074\">\n\n\t\n\t\t<div class=\"cd-timeline-img cd-picture icon-no-readmore\" style=\"background:#ffd800;\">\n\n\t\t\t<!-- Custom Action Hook -->\n\t\t\t\n\t\t\t\t<!-- Standard Font Awesome Icon -->\n\t\t\t\t<span class=\"fa fa-gears\" title=\"Bezner\"><\/span>\n\n\t\t\t\n\t\t<\/div> <!-- cd-timeline-img -->\n\n\t\n\t<!-- Timeline Content -->\n\t<div class=\"cd-timeline-content\">\n\n\t\t\n\t\t<!-- Announcement Title -->\n\t\t<div class=\"cd-timeline-title-container\">\n\n\t\t\t\n\t\t\t<h2 class=\"cd-timeline-item-title\">\n\t\t\t\tBezner\t\t\t<\/h2>\n\n\t\t\t\t\t<\/div>\n\t\t<!-- End Announcement Title -->\n\n\t\t\n\t\t<!-- Announcement Excerpt -->\n\t\t<div class=\"the-excerpt\">\n\t\t\t<p>V roku 1899 za\u010dala spolo\u010dnos\u0165 Bezner Anlagen und Maschinenbau svoju podnikate\u013esk\u00fa \u010dinnos\u0165 ako v\u00fdrobca \u0161pecializovan\u00fdch strojov na spracovanie dreva. Zhruba pred troma desa\u0165ro\u010diami sa Bezner za\u010dal viac orientova\u0165 na v\u00fdrobou recykla\u010dn\u00fdch strojov a dopravn\u00fdch syst\u00e9mov a pri tejto \u0161pecializ\u00e1ci\u00ed aj zostal a na\u010falej ju rozv\u00edjal. V roku 2007 sa stal \u010dlenom Heilig Group. Na podporu v\u00fdznamn\u00e9ho franc\u00fazskeho trhu m\u00e1 Bezner miestnu pobo\u010dku v Aix-en-Provence, ktor\u00e1 sa nach\u00e1dza na juhu Franc\u00fazska.<\/p>\n\t\t<\/div>\n\t\t<!-- End Announcement Excerpt -->\n\n\t\t\n\t<\/div>\n\t<!-- End Timeline Content -->\n\n<\/div>\n<!-- End Timeline Block -->\n\n<div class=\"cd-timeline-block janu\u00e1r 01 2008 announcement-no-image announcement-9893\">\n\n\t\n\t\t<div class=\"cd-timeline-img cd-picture icon-no-readmore\" style=\"background:#fdd800;\">\n\n\t\t\t<!-- Custom Action Hook -->\n\t\t\t\n\t\t\t\t<!-- Standard Font Awesome Icon -->\n\t\t\t\t<span class=\"fa fa-gears\" title=\"Heilig Fabrication\"><\/span>\n\n\t\t\t\n\t\t<\/div> <!-- cd-timeline-img -->\n\n\t\n\t<!-- Timeline Content -->\n\t<div class=\"cd-timeline-content\">\n\n\t\t\n\t\t<!-- Announcement Title -->\n\t\t<div class=\"cd-timeline-title-container\">\n\n\t\t\t\n\t\t\t<h2 class=\"cd-timeline-item-title\">\n\t\t\t\tHeilig Fabrication\t\t\t<\/h2>\n\n\t\t\t\t\t<\/div>\n\t\t<!-- End Announcement Title -->\n\n\t\t\n\t\t<!-- Announcement Excerpt -->\n\t\t<div class=\"the-excerpt\">\n\t\t\t<p>Heilig Fabrication je kovov\u00fdroba v holandskom regi\u00f3ne Noord-Holland. Od roku 2008 je s\u00fa\u010das\u0165ou skupiny Heilig. Ako podporn\u00e1 spolo\u010dnos\u0165 v oblasti spracovania kovov dod\u00e1va na\u0161im sestersk\u00fdm firm\u00e1m produkty na mieru a polotovary z r\u00f4znych zliatin ocele. Okrem toho poskytuje svoje slu\u017eby aj nez\u00e1visle, pre koncov\u00fdch z\u00e1kazn\u00edkov.<\/p>\n\t\t<\/div>\n\t\t<!-- End Announcement Excerpt -->\n\n\t\t\n\t<\/div>\n\t<!-- End Timeline Content -->\n\n<\/div>\n<!-- End Timeline Block -->\n\n<div class=\"cd-timeline-block janu\u00e1r 01 2009 announcement-no-image announcement-9069\">\n\n\t\n\t\t<div class=\"cd-timeline-img cd-picture icon-no-readmore\" style=\"background:#ffd800;\">\n\n\t\t\t<!-- Custom Action Hook -->\n\t\t\t\n\t\t\t\t<!-- Standard Font Awesome Icon -->\n\t\t\t\t<span class=\"fa fa-gears\" title=\"B+B Anlagenbau\"><\/span>\n\n\t\t\t\n\t\t<\/div> <!-- cd-timeline-img -->\n\n\t\n\t<!-- Timeline Content -->\n\t<div class=\"cd-timeline-content\">\n\n\t\t\n\t\t<!-- Announcement Title -->\n\t\t<div class=\"cd-timeline-title-container\">\n\n\t\t\t\n\t\t\t<h2 class=\"cd-timeline-item-title\">\n\t\t\t\tB+B Anlagenbau\t\t\t<\/h2>\n\n\t\t\t\t\t<\/div>\n\t\t<!-- End Announcement Title -->\n\n\t\t\n\t\t<!-- Announcement Excerpt -->\n\t\t<div class=\"the-excerpt\">\n\t\t\t<p>Nemeck\u00e1 spolo\u010dnos\u0165 B + B Anlagenbau sa pripojila k Heilig Group v roku 2009. Firma je odborn\u00edkom na recykl\u00e1ciu plastov a p\u00f4sob\u00ed ako dod\u00e1vate\u013e kompletn\u00fdch syst\u00e9mov na um\u00fdvanie a \u010distenie recyklovan\u00e9ho plastov\u00e9ho materi\u00e1lu.<\/p>\n\t\t<\/div>\n\t\t<!-- End Announcement Excerpt -->\n\n\t\t\n\t<\/div>\n\t<!-- End Timeline Content -->\n\n<\/div>\n<!-- End Timeline Block -->\n\n<div class=\"cd-timeline-block janu\u00e1r 01 2010 announcement-no-image announcement-9084\">\n\n\t\n\t\t<div class=\"cd-timeline-img cd-picture icon-no-readmore\" style=\"background:#ffd800;\">\n\n\t\t\t<!-- Custom Action Hook -->\n\t\t\t\n\t\t\t\t<!-- Standard Font Awesome Icon -->\n\t\t\t\t<span class=\"fa fa-gears\" title=\"Bezner-Oswald\"><\/span>\n\n\t\t\t\n\t\t<\/div> <!-- cd-timeline-img -->\n\n\t\n\t<!-- Timeline Content -->\n\t<div class=\"cd-timeline-content\">\n\n\t\t\n\t\t<!-- Announcement Title -->\n\t\t<div class=\"cd-timeline-title-container\">\n\n\t\t\t\n\t\t\t<h2 class=\"cd-timeline-item-title\">\n\t\t\t\tBezner-Oswald\t\t\t<\/h2>\n\n\t\t\t\t\t<\/div>\n\t\t<!-- End Announcement Title -->\n\n\t\t\n\t\t<!-- Announcement Excerpt -->\n\t\t<div class=\"the-excerpt\">\n\t\t\t<p>Spolo\u010dnos\u0165 Bezner-Oswald vznikla v roku 2010 zl\u00fa\u010den\u00edm \u010dinnost\u00ed spojen\u00fdch s v\u00fdrobou drevospracuj\u00facich strojov firiem Bezner Anlagen und Maschinenbau a firmy Oswald Maschinenbau. Bezner u\u017e p\u00f4sobil na trhu drevospracuj\u00facich strojov na konci 19. storo\u010dia. Rak\u00faska spolo\u010dnos\u0165 Oswald Machinenbau za\u010dala s v\u00fdrobou v polovici 80. rokov. Pod spolo\u010dn\u00fdm veden\u00edm skupiny Heilig tak spojili svoje nadobudnut\u00e9 sk\u00fasenosti v obore a vznikla firma Bezner-Oswald.<\/p>\n\t\t<\/div>\n\t\t<!-- End Announcement Excerpt -->\n\n\t\t\n\t<\/div>\n\t<!-- End Timeline Content -->\n\n<\/div>\n<!-- End Timeline Block -->\n\n<div class=\"cd-timeline-block janu\u00e1r 01 2010 announcement-no-image announcement-9089\">\n\n\t\n\t\t<div class=\"cd-timeline-img cd-picture icon-no-readmore\" style=\"background:#ffd800;\">\n\n\t\t\t<!-- Custom Action Hook -->\n\t\t\t\n\t\t\t\t<!-- Standard Font Awesome Icon -->\n\t\t\t\t<span class=\"fa fa-gears\" title=\"NMH\"><\/span>\n\n\t\t\t\n\t\t<\/div> <!-- cd-timeline-img -->\n\n\t\n\t<!-- Timeline Content -->\n\t<div class=\"cd-timeline-content\">\n\n\t\t\n\t\t<!-- Announcement Title -->\n\t\t<div class=\"cd-timeline-title-container\">\n\n\t\t\t\n\t\t\t<h2 class=\"cd-timeline-item-title\">\n\t\t\t\tNMH\t\t\t<\/h2>\n\n\t\t\t\t\t<\/div>\n\t\t<!-- End Announcement Title -->\n\n\t\t\n\t\t<!-- Announcement Excerpt -->\n\t\t<div class=\"the-excerpt\">\n\t\t\t<p>V roku 2010 skupina Heilig zalo\u017eila nov\u00fd v\u00fdrobn\u00fd z\u00e1vod s n\u00e1zvom NMH. Novovybudovan\u00fd z\u00e1vod s v\u00fdrobnou kapacitou 5000 m\u00b2 sa nach\u00e1dza v Seredi na Slovensku, a je vzdialen\u00fd len jednu hodinu autom od Bratislavy. NMH je nez\u00e1visl\u00e1 spolo\u010dnos\u0165 poskytuj\u00faca n\u00e1vrh a v\u00fdrobu priemyseln\u00fdch strojov a kon\u0161trukci\u00ed v \u00falohe v\u00fdrobcu origin\u00e1lneho zariadenia (OEM) pre in\u00e9 obchodn\u00e9 zna\u010dky.<\/p>\n\t\t<\/div>\n\t\t<!-- End Announcement Excerpt -->\n\n\t\t\n\t<\/div>\n\t<!-- End Timeline Content -->\n\n<\/div>\n<!-- End Timeline Block -->\n\n<div class=\"cd-timeline-block janu\u00e1r 01 2011 announcement-no-image announcement-9087\">\n\n\t\n\t\t<div class=\"cd-timeline-img cd-picture icon-no-readmore\" style=\"background:#ffd800;\">\n\n\t\t\t<!-- Custom Action Hook -->\n\t\t\t\n\t\t\t\t<!-- Standard Font Awesome Icon -->\n\t\t\t\t<span class=\"fa fa-gears\" title=\"Heilig Mixing Technology\"><\/span>\n\n\t\t\t\n\t\t<\/div> <!-- cd-timeline-img -->\n\n\t\n\t<!-- Timeline Content -->\n\t<div class=\"cd-timeline-content\">\n\n\t\t\n\t\t<!-- Announcement Title -->\n\t\t<div class=\"cd-timeline-title-container\">\n\n\t\t\t\n\t\t\t<h2 class=\"cd-timeline-item-title\">\n\t\t\t\tHeilig Mixing Technology\t\t\t<\/h2>\n\n\t\t\t\t\t<\/div>\n\t\t<!-- End Announcement Title -->\n\n\t\t\n\t\t<!-- Announcement Excerpt -->\n\t\t<div class=\"the-excerpt\">\n\t\t\t<p>Po z\u00e1niku holandskej spolo\u010dnosti Visno v roku 2011 prevzala spolo\u010dnos\u0165 Heilig Group obchodn\u00fa jednotku zaoberaj\u00facu sa v\u00fdrobou priemyseln\u00fdch mie\u0161adiel. T\u00e1to sa v r\u00e1mci spolo\u010dnosti N.M. Heilig B.V. stala \u0161peci\u00e1lnou div\u00edziou pre n\u00e1vrh a v\u00fdrobu ku\u017ee\u013eov\u00fdch mix\u00e9rov a gener\u00e1lnych opr\u00e1v priemyseln\u00fdch mie\u0161adiel pre vlastn\u00e9 v\u00fdrobky, ale aj pre in\u00e9 obchodn\u00e9 zna\u010dky.<\/p>\n\t\t<\/div>\n\t\t<!-- End Announcement Excerpt -->\n\n\t\t\n\t<\/div>\n\t<!-- End Timeline Content -->\n\n<\/div>\n<!-- End Timeline Block -->\n\n<div class=\"cd-timeline-block janu\u00e1r 01 2015 announcement-no-image announcement-9072\">\n\n\t\n\t\t<div class=\"cd-timeline-img cd-picture icon-no-readmore\" style=\"background:#ffd800;\">\n\n\t\t\t<!-- Custom Action Hook -->\n\t\t\t\n\t\t\t\t<!-- Standard Font Awesome Icon -->\n\t\t\t\t<span class=\"fa fa-gears\" title=\"Beemster\"><\/span>\n\n\t\t\t\n\t\t<\/div> <!-- cd-timeline-img -->\n\n\t\n\t<!-- Timeline Content -->\n\t<div class=\"cd-timeline-content\">\n\n\t\t\n\t\t<!-- Announcement Title -->\n\t\t<div class=\"cd-timeline-title-container\">\n\n\t\t\t\n\t\t\t<h2 class=\"cd-timeline-item-title\">\n\t\t\t\tBeemster\t\t\t<\/h2>\n\n\t\t\t\t\t<\/div>\n\t\t<!-- End Announcement Title -->\n\n\t\t\n\t\t<!-- Announcement Excerpt -->\n\t\t<div class=\"the-excerpt\">\n\t\t\t<p>Spolo\u010dnos\u0165 Beemster bola zalo\u017een\u00e1 v roku 1923 a v nasleduj\u00facich rokoch \u0161pecializovala svoje aktivity na n\u00e1vrh, projektov\u00fd mana\u017ement a dod\u00e1vku elektroin\u0161tal\u00e1ci\u00ed pre priemysel, po\u013enohospod\u00e1rstvo a stavebn\u00edctvo. V roku 2015 bola spolo\u010dnos\u0165 prevzat\u00e1 skupinou Heilig.<\/p>\n\t\t<\/div>\n\t\t<!-- End Announcement Excerpt -->\n\n\t\t\n\t<\/div>\n\t<!-- End Timeline Content -->\n\n<\/div>\n<!-- End Timeline Block -->\n\n<div class=\"cd-timeline-block febru\u00e1r 01 2015 announcement-no-image announcement-9085\">\n\n\t\n\t\t<div class=\"cd-timeline-img cd-picture icon-no-readmore\" style=\"background:#ffd800;\">\n\n\t\t\t<!-- Custom Action Hook -->\n\t\t\t\n\t\t\t\t<!-- Standard Font Awesome Icon -->\n\t\t\t\t<span class=\"fa fa-gears\" title=\"Geurts\"><\/span>\n\n\t\t\t\n\t\t<\/div> <!-- cd-timeline-img -->\n\n\t\n\t<!-- Timeline Content -->\n\t<div class=\"cd-timeline-content\">\n\n\t\t\n\t\t<!-- Announcement Title -->\n\t\t<div class=\"cd-timeline-title-container\">\n\n\t\t\t\n\t\t\t<h2 class=\"cd-timeline-item-title\">\n\t\t\t\tGeurts\t\t\t<\/h2>\n\n\t\t\t\t\t<\/div>\n\t\t<!-- End Announcement Title -->\n\n\t\t\n\t\t<!-- Announcement Excerpt -->\n\t\t<div class=\"the-excerpt\">\n\t\t\t<p>Spolo\u010dnos\u0165 Geurts International B.V. bola zalo\u017een\u00e1 v roku 1963 a od tohto roku z\u00edskala rozsiahle znalosti a sk\u00fasenosti v oblasti v\u00fdmeny tepla a rie\u0161en\u00ed pre prenos tepla. V roku 2015 sa holandsk\u00e1 spolo\u010dnos\u0165 Geurts International stala s\u00fa\u010das\u0165ou skupiny Heilig Group. Na miestnu podporu nemeck\u00e9ho trhu a nemecky hovoriaceho regi\u00f3nu m\u00e1 Geurts pobo\u010dku v oblasti Hannoveru v Nemecku.<\/p>\n\t\t<\/div>\n\t\t<!-- End Announcement Excerpt -->\n\n\t\t\n\t<\/div>\n\t<!-- End Timeline Content -->\n\n<\/div>\n<!-- End Timeline Block -->\n\n<div class=\"cd-timeline-block marec 01 2015 announcement-no-image announcement-9090\">\n\n\t\n\t\t<div class=\"cd-timeline-img cd-picture icon-no-readmore\" style=\"background:#ffd800;\">\n\n\t\t\t<!-- Custom Action Hook -->\n\t\t\t\n\t\t\t\t<!-- Standard Font Awesome Icon -->\n\t\t\t\t<span class=\"fa fa-gears\" title=\"Recco\"><\/span>\n\n\t\t\t\n\t\t<\/div> <!-- cd-timeline-img -->\n\n\t\n\t<!-- Timeline Content -->\n\t<div class=\"cd-timeline-content\">\n\n\t\t\n\t\t<!-- Announcement Title -->\n\t\t<div class=\"cd-timeline-title-container\">\n\n\t\t\t\n\t\t\t<h2 class=\"cd-timeline-item-title\">\n\t\t\t\tRecco\t\t\t<\/h2>\n\n\t\t\t\t\t<\/div>\n\t\t<!-- End Announcement Title -->\n\n\t\t\n\t\t<!-- Announcement Excerpt -->\n\t\t<div class=\"the-excerpt\">\n\t\t\t<p>Pr\u00edbeh firmy Recco za\u010dal v roku 2003, kedy ju zalo\u017eil Jan Andreas Groothoff, holandsk\u00fd bansk\u00fd in\u017einier so 17-ro\u010dn\u00fdmi sk\u00fasenos\u0165ami z jednej z najv\u00e4\u010d\u0161\u00edch spolo\u010dnost\u00ed na spracovanie trosky na svete. Zalo\u017eil svoju vlastn\u00fa konzulta\u010dn\u00fa spolo\u010dnos\u0165 Recco BV, ktor\u00e1 sa \u0161pecializuje na sp\u00e4tn\u00e9 z\u00edskavanie \u017eelezn\u00fdch a ne\u017eelezn\u00fdch kovov z r\u00f4znych odpadov\u00fdch tokov so \u0161peci\u00e1lnym zameran\u00edm na spracovanie trosiek zo spa\u013eovne. Tieto slu\u017eby sa n\u00e1sledne roz\u0161\u00edrili a\u017e po v\u00e1vrh a v\u00fdrobu zariaden\u00ed na spracovanie a zhodnocovanie \u017eelezn\u00fdch a ne\u017eelezn\u00fdch kovov. V roku 2014 spolo\u010dnos\u0165 Recco roz\u0161\u00edrila svoju p\u00f4sobnos\u0165 t\u00fdm, \u017ee v Holandsku zalo\u017eila z\u00e1vod na oddelenie zmesi ne\u017eelezn\u00fdch kovov od spodn\u00e9ho popola. Heilig Group z\u00edskala spolo\u010dnos\u0165 Recco Non Ferro Metals B.V. v roku 2015. V roku 2017 spolo\u010dnos\u0165 Recco zalo\u017eila vo Franc\u00fazsku podnikate\u013esk\u00fa div\u00edziu Recco Operations SAS.<\/p>\n\t\t<\/div>\n\t\t<!-- End Announcement Excerpt -->\n\n\t\t\n\t<\/div>\n\t<!-- End Timeline Content -->\n\n<\/div>\n<!-- End Timeline Block -->\n\n<div class=\"cd-timeline-block august 12 2022 announcement-no-image announcement-23350\">\n\n\t\n\t\t<div class=\"cd-timeline-img cd-picture icon-no-readmore\" style=\"background:#ffd800;\">\n\n\t\t\t<!-- Custom Action Hook -->\n\t\t\t\n\t\t\t\t<!-- Standard Font Awesome Icon -->\n\t\t\t\t<span class=\"fa fa-gears\" title=\"FastFeetGrinded\"><\/span>\n\n\t\t\t\n\t\t<\/div> <!-- cd-timeline-img -->\n\n\t\n\t<!-- Timeline Content -->\n\t<div class=\"cd-timeline-content\">\n\n\t\t\n\t\t<!-- Announcement Title -->\n\t\t<div class=\"cd-timeline-title-container\">\n\n\t\t\t\n\t\t\t<h2 class=\"cd-timeline-item-title\">\n\t\t\t\tFastFeetGrinded\t\t\t<\/h2>\n\n\t\t\t\t\t<\/div>\n\t\t<!-- End Announcement Title -->\n\n\t\t\n\t\t<!-- Announcement Excerpt -->\n\t\t<div class=\"the-excerpt\">\n\t\t\t<p>Od roku 2022 je FastFeetGrinded s\u00fa\u010das\u0165ou skupiny Heilig Group, \u010do n\u00e1m pom\u00e1ha roz\u0161\u00edri\u0165 n\u00e1\u0161 dopad a mo\u017enosti. V\u010faka pokro\u010dilej recykla\u010dnej technol\u00f3gii spracov\u00e1vame opotrebovan\u00fa obuv, nadbyto\u010dn\u00e9 kolekcie a odpad z v\u00fdroby. Demontujeme ich a triedime na kvalitn\u00e9 materi\u00e1ly, ktor\u00e9 dost\u00e1vaj\u00fa nov\u00fd \u017eivot. Pou\u017e\u00edvaj\u00fa sa napr\u00edklad na detsk\u00e9 ihrisk\u00e1, r\u00f4zne v\u00fdrobky ako ve\u0161iaky na oble\u010denie, alebo dokonca nov\u00e9, cirkul\u00e1rne top\u00e1nky. Takto zni\u017eujeme nielen emisie CO\u2082, ale aj z\u00e1vislos\u0165 od nov\u00fdch surov\u00edn.<\/p>\n\t\t<\/div>\n\t\t<!-- End Announcement Excerpt -->\n\n\t\t\n\t<\/div>\n\t<!-- End Timeline Content -->\n\n<\/div>\n<!-- End Timeline Block -->\n\n\t\t\t<\/section>\n\n\t\t\t<!-- Timeline Express Free v1.8.1 | Site: https:\/\/www.wp-timelineexpress.com | Author: CodeParrots - http:\/\/www.codeparrots.com -->\n<\/div><\/div><\/div><\/div><\/div><\/div><\/section>\n","protected":false},"excerpt":{"rendered":"Od roku 2022 je FastFeetGrinded s\u00fa\u010das\u0165ou skupiny Heilig Group, \u010do n\u00e1m pom\u00e1ha roz\u0161\u00edri\u0165 n\u00e1\u0161 dopad a mo\u017enosti. V\u010faka pokro\u010dilej recykla\u010dnej technol\u00f3gii spracov\u00e1vame opotrebovan\u00fa obuv, nadbyto\u010dn\u00e9 kolekcie a odpad z v\u00fdroby. Demontujeme ich a triedime na kvalitn\u00e9 materi\u00e1ly, ktor\u00e9 dost\u00e1vaj\u00fa nov\u00fd \u017eivot. Pou\u017e\u00edvaj\u00fa sa napr\u00edklad na detsk\u00e9 ihrisk\u00e1, r\u00f4zne v\u00fdrobky ako ve\u0161iaky na oble\u010denie, alebo dokonca nov\u00e9, cirkul\u00e1rne top\u00e1nky. Takto zni\u017eujeme nielen emisie CO\u2082, ale aj z\u00e1vislos\u0165 od nov\u00fdch surov\u00edn.","protected":false},"author":56,"featured_media":0,"parent":0,"menu_order":0,"comment_status":"closed","ping_status":"closed","template":"","meta":{"_acf_changed":false,"footnotes":""},"class_list":["post-8916","page","type-page","status-publish","hentry"],"acf":[],"yoast_head":"<!-- This site is optimized with the Yoast SEO plugin v27.5 - https:\/\/yoast.com\/product\/yoast-seo-wordpress\/ -->\n<title>Hist\u00f3ria na\u0161ej skupiny - Heilig Group<\/title>\n<meta name=\"description\" content=\"Skupina Heilig Group tvor\u00ed siln\u00fd a popredn\u00fd konglomer\u00e1t, ktor\u00fd sl\u00fa\u017ei z\u00e1kazn\u00edkom po celom svete. Pre\u010d\u00edtajte o m\u00ed\u013enikoch na\u0161ej cesty, od roku 1978 a\u017e po dnes.\" \/>\n<meta name=\"robots\" content=\"index, follow, max-snippet:-1, max-image-preview:large, max-video-preview:-1\" \/>\n<link rel=\"canonical\" href=\"https:\/\/www.heilig-group.com\/sk\/historia\/\" \/>\n<meta property=\"og:locale\" content=\"sk_SK\" \/>\n<meta property=\"og:type\" content=\"article\" \/>\n<meta property=\"og:title\" content=\"Hist\u00f3ria na\u0161ej skupiny - Heilig Group\" \/>\n<meta property=\"og:description\" content=\"Skupina Heilig Group tvor\u00ed siln\u00fd a popredn\u00fd konglomer\u00e1t, ktor\u00fd sl\u00fa\u017ei z\u00e1kazn\u00edkom po celom svete. Pre\u010d\u00edtajte o m\u00ed\u013enikoch na\u0161ej cesty, od roku 1978 a\u017e po dnes.\" \/>\n<meta property=\"og:url\" content=\"https:\/\/www.heilig-group.com\/sk\/historia\/\" \/>\n<meta property=\"og:site_name\" content=\"Heilig Group\" \/>\n<meta property=\"article:modified_time\" content=\"2025-08-12T10:40:58+00:00\" \/>\n<meta name=\"twitter:card\" content=\"summary_large_image\" \/>\n<meta name=\"twitter:label1\" content=\"Predpokladan\u00fd \u010das \u010d\u00edtania\" \/>\n\t<meta name=\"twitter:data1\" content=\"1 min\u00fata\" \/>\n<script type=\"application\/ld+json\" class=\"yoast-schema-graph\">{\"@context\":\"https:\\\/\\\/schema.org\",\"@graph\":[{\"@type\":\"WebPage\",\"@id\":\"https:\\\/\\\/www.heilig-group.com\\\/sk\\\/historia\\\/\",\"url\":\"https:\\\/\\\/www.heilig-group.com\\\/sk\\\/historia\\\/\",\"name\":\"Hist\u00f3ria na\u0161ej skupiny - Heilig Group\",\"isPartOf\":{\"@id\":\"https:\\\/\\\/www.heilig-group.com\\\/sk\\\/#website\"},\"datePublished\":\"2018-06-05T13:34:13+00:00\",\"dateModified\":\"2025-08-12T10:40:58+00:00\",\"description\":\"Skupina Heilig Group tvor\u00ed siln\u00fd a popredn\u00fd konglomer\u00e1t, ktor\u00fd sl\u00fa\u017ei z\u00e1kazn\u00edkom po celom svete. Pre\u010d\u00edtajte o m\u00ed\u013enikoch na\u0161ej cesty, od roku 1978 a\u017e po dnes.\",\"breadcrumb\":{\"@id\":\"https:\\\/\\\/www.heilig-group.com\\\/sk\\\/historia\\\/#breadcrumb\"},\"inLanguage\":\"sk-SK\",\"potentialAction\":[{\"@type\":\"ReadAction\",\"target\":[\"https:\\\/\\\/www.heilig-group.com\\\/sk\\\/historia\\\/\"]}]},{\"@type\":\"BreadcrumbList\",\"@id\":\"https:\\\/\\\/www.heilig-group.com\\\/sk\\\/historia\\\/#breadcrumb\",\"itemListElement\":[{\"@type\":\"ListItem\",\"position\":1,\"name\":\"Home\",\"item\":\"https:\\\/\\\/www.heilig-group.com\\\/sk\\\/\"},{\"@type\":\"ListItem\",\"position\":2,\"name\":\"Hist\u00f3ria\"}]},{\"@type\":\"WebSite\",\"@id\":\"https:\\\/\\\/www.heilig-group.com\\\/sk\\\/#website\",\"url\":\"https:\\\/\\\/www.heilig-group.com\\\/sk\\\/\",\"name\":\"Heilig Group\",\"description\":\"Werken bij Heilig Group\",\"potentialAction\":[{\"@type\":\"SearchAction\",\"target\":{\"@type\":\"EntryPoint\",\"urlTemplate\":\"https:\\\/\\\/www.heilig-group.com\\\/sk\\\/?s={search_term_string}\"},\"query-input\":{\"@type\":\"PropertyValueSpecification\",\"valueRequired\":true,\"valueName\":\"search_term_string\"}}],\"inLanguage\":\"sk-SK\"}]}<\/script>\n<!-- \/ Yoast SEO plugin. -->","yoast_head_json":{"title":"Hist\u00f3ria na\u0161ej skupiny - Heilig Group","description":"Skupina Heilig Group tvor\u00ed siln\u00fd a popredn\u00fd konglomer\u00e1t, ktor\u00fd sl\u00fa\u017ei z\u00e1kazn\u00edkom po celom svete. Pre\u010d\u00edtajte o m\u00ed\u013enikoch na\u0161ej cesty, od roku 1978 a\u017e po dnes.","robots":{"index":"index","follow":"follow","max-snippet":"max-snippet:-1","max-image-preview":"max-image-preview:large","max-video-preview":"max-video-preview:-1"},"canonical":"https:\/\/www.heilig-group.com\/sk\/historia\/","og_locale":"sk_SK","og_type":"article","og_title":"Hist\u00f3ria na\u0161ej skupiny - Heilig Group","og_description":"Skupina Heilig Group tvor\u00ed siln\u00fd a popredn\u00fd konglomer\u00e1t, ktor\u00fd sl\u00fa\u017ei z\u00e1kazn\u00edkom po celom svete. Pre\u010d\u00edtajte o m\u00ed\u013enikoch na\u0161ej cesty, od roku 1978 a\u017e po dnes.","og_url":"https:\/\/www.heilig-group.com\/sk\/historia\/","og_site_name":"Heilig Group","article_modified_time":"2025-08-12T10:40:58+00:00","twitter_card":"summary_large_image","twitter_misc":{"Predpokladan\u00fd \u010das \u010d\u00edtania":"1 min\u00fata"},"schema":{"@context":"https:\/\/schema.org","@graph":[{"@type":"WebPage","@id":"https:\/\/www.heilig-group.com\/sk\/historia\/","url":"https:\/\/www.heilig-group.com\/sk\/historia\/","name":"Hist\u00f3ria na\u0161ej skupiny - Heilig Group","isPartOf":{"@id":"https:\/\/www.heilig-group.com\/sk\/#website"},"datePublished":"2018-06-05T13:34:13+00:00","dateModified":"2025-08-12T10:40:58+00:00","description":"Skupina Heilig Group tvor\u00ed siln\u00fd a popredn\u00fd konglomer\u00e1t, ktor\u00fd sl\u00fa\u017ei z\u00e1kazn\u00edkom po celom svete. Pre\u010d\u00edtajte o m\u00ed\u013enikoch na\u0161ej cesty, od roku 1978 a\u017e po dnes.","breadcrumb":{"@id":"https:\/\/www.heilig-group.com\/sk\/historia\/#breadcrumb"},"inLanguage":"sk-SK","potentialAction":[{"@type":"ReadAction","target":["https:\/\/www.heilig-group.com\/sk\/historia\/"]}]},{"@type":"BreadcrumbList","@id":"https:\/\/www.heilig-group.com\/sk\/historia\/#breadcrumb","itemListElement":[{"@type":"ListItem","position":1,"name":"Home","item":"https:\/\/www.heilig-group.com\/sk\/"},{"@type":"ListItem","position":2,"name":"Hist\u00f3ria"}]},{"@type":"WebSite","@id":"https:\/\/www.heilig-group.com\/sk\/#website","url":"https:\/\/www.heilig-group.com\/sk\/","name":"Heilig Group","description":"Werken bij Heilig Group","potentialAction":[{"@type":"SearchAction","target":{"@type":"EntryPoint","urlTemplate":"https:\/\/www.heilig-group.com\/sk\/?s={search_term_string}"},"query-input":{"@type":"PropertyValueSpecification","valueRequired":true,"valueName":"search_term_string"}}],"inLanguage":"sk-SK"}]}},"_links":{"self":[{"href":"https:\/\/www.heilig-group.com\/sk\/wp-json\/wp\/v2\/pages\/8916","targetHints":{"allow":["GET"]}}],"collection":[{"href":"https:\/\/www.heilig-group.com\/sk\/wp-json\/wp\/v2\/pages"}],"about":[{"href":"https:\/\/www.heilig-group.com\/sk\/wp-json\/wp\/v2\/types\/page"}],"author":[{"embeddable":true,"href":"https:\/\/www.heilig-group.com\/sk\/wp-json\/wp\/v2\/users\/56"}],"replies":[{"embeddable":true,"href":"https:\/\/www.heilig-group.com\/sk\/wp-json\/wp\/v2\/comments?post=8916"}],"version-history":[{"count":3,"href":"https:\/\/www.heilig-group.com\/sk\/wp-json\/wp\/v2\/pages\/8916\/revisions"}],"predecessor-version":[{"id":23405,"href":"https:\/\/www.heilig-group.com\/sk\/wp-json\/wp\/v2\/pages\/8916\/revisions\/23405"}],"wp:attachment":[{"href":"https:\/\/www.heilig-group.com\/sk\/wp-json\/wp\/v2\/media?parent=8916"}],"curies":[{"name":"wp","href":"https:\/\/api.w.org\/{rel}","templated":true}]}}