{"id":8820,"date":"2018-06-06T07:36:48","date_gmt":"2018-06-06T07:36:48","guid":{"rendered":"https:\/\/www.heilig-group.com\/recycling-waste-processing\/"},"modified":"2025-08-04T15:15:18","modified_gmt":"2025-08-04T15:15:18","slug":"recyklacia-spracovanie-odpadu","status":"publish","type":"page","link":"https:\/\/www.heilig-group.com\/sk\/referencie\/recyklacia-spracovanie-odpadu\/","title":{"rendered":"Recykl\u00e1cia a spracovanie odpadu"},"content":{"rendered":"<section class=\"l-section wpb_row height_large with_img\"><div class=\"l-section-img\" role=\"img\" aria-label=\"Obr\u00e1zok\" data-img-width=\"1920\" data-img-height=\"355\" style=\"background-image: url(https:\/\/www.heilig-group.com\/wp-content\/uploads\/2025\/05\/HeiligGroup_Header_Projecten_RecyclingAfvalverwerking.jpg);\"><\/div><div class=\"l-section-h i-cf\"><div class=\"g-cols vc_row via_grid cols_1 laptops-cols_inherit tablets-cols_inherit mobiles-cols_1 valign_top type_default stacking_default\"><div class=\"wpb_column vc_column_container\"><div class=\"vc_column-inner\"><h1 class=\"w-post-elm post_title us_custom_8b3d6790 has_text_color align_left entry-title color_link_inherit\">Recykl\u00e1cia a spracovanie odpadu<\/h1><nav class=\"g-breadcrumbs us_custom_89e92469 has_text_color separator_icon align_left\" itemscope itemtype=\"http:\/\/schema.org\/BreadcrumbList\"><div class=\"g-breadcrumbs-item\" itemscope itemprop=\"itemListElement\" itemtype=\"http:\/\/schema.org\/ListItem\"><a itemprop=\"item\" href=\"https:\/\/www.heilig-group.com\/sk\/\"><span itemprop=\"name\">Domovsk\u00e1 str\u00e1nka<\/span><\/a><meta itemprop=\"position\" content=\"1\"\/><\/div><div class=\"g-breadcrumbs-separator\"><i class=\"far fa-angle-right\"><\/i><\/div><div class=\"g-breadcrumbs-item\">Str\u00e1nky<\/div><\/nav><\/div><\/div><\/div><\/div><\/section><section class=\"l-section wpb_row height_medium\"><div class=\"l-section-h i-cf\"><div class=\"g-cols vc_row via_grid cols_2 laptops-cols_inherit tablets-cols_inherit mobiles-cols_1 valign_top type_default stacking_default\"><div class=\"wpb_column vc_column_container\"><div class=\"vc_column-inner\"><div class=\"wpb_text_column\"><div class=\"wpb_wrapper\"><p>Pre optim\u00e1lnu recykl\u00e1ciu odpadu vyr\u00e1bame stroje na nakladanie s odpadmi a recykl\u00e1ciu v s\u00falade s cie\u013emi, rozmermi a rozpo\u010dtom z\u00e1kazn\u00edka. Vyr\u00e1bame be\u017en\u00e9 komponenty, aj kompletn\u00e9 technologick\u00e9 celky prisp\u00f4soben\u00e9 na mieru. Vieme zahrn\u00fa\u0165 aj \u0161peci\u00e1lne zariadenia mimo n\u00e1\u0161ho sortimentu od extern\u00fdch dod\u00e1vate\u013eov. T\u00fdmto sp\u00f4sobom n\u00e1\u0161 projektov\u00fd t\u00edm pon\u00faka rie\u0161enia na k\u013e\u00fa\u010d.<\/p>\n<\/div><\/div><div class=\"wpb_text_column\"><div class=\"wpb_wrapper\"><p>V\u010faka na\u0161im sk\u00fasenostiam a spolupr\u00e1ci so sestersk\u00fdmi spolo\u010dnos\u0165ami skupiny <em><a href=\"https:\/\/www.heilig-group.com\/sk\/spolocnosti-skupiny-heilig\/\">Heilig Group<\/a><\/em> dod\u00e1vame mobiln\u00e9 stroje aj kompletn\u00e9 statick\u00e9 zariadenia na recykl\u00e1ciu a separ\u00e1ciu r\u00f4znych druhov odpadu. In\u00fdmi slovami, od n\u00e1vrhu po realiz\u00e1ciu. Radi s vami prediskutujeme pr\u00edklady a overen\u00e9 rie\u0161enia.<\/p>\n<p>Prezrite si niektor\u00e9 z na\u0161ich referenci\u00ed.<\/p>\n<\/div><\/div><\/div><\/div><div class=\"wpb_column vc_column_container\"><div class=\"vc_column-inner\"><div class=\"w-video align_center ratio_16x9 has_iframe\"><div class=\"w-video-h\"><iframe title=\"Youtube video player\" src=\"\/\/www.youtube.com\/embed\/pnn5Iz3yXVA?autoplay=0&controls=1&origin=https:\/\/www.heilig-group.com\/sk\/&loop=0&mute=0\" allowfullscreen=\"1\" loading=\"lazy\"><\/iframe><\/div><\/div><\/div><\/div><\/div><\/div><\/section><section class=\"l-section wpb_row us_custom_eb84e846 height_small\"><div class=\"l-section-h i-cf\"><div class=\"g-cols vc_row via_grid cols_4 laptops-cols_inherit tablets-cols_inherit mobiles-cols_1 valign_top type_default stacking_default\"><div class=\"wpb_column vc_column_container\"><div class=\"vc_column-inner\"><div class=\"wpb_text_column\"><div class=\"wpb_wrapper\"><p>[vc_single_image image=&#8220;19702&#8243; img_size=&#8220;310&#215;170&#8243; onclick=&#8220;custom_link&#8220; img_link_target=&#8220;_blank&#8220; css_animation=&#8220;fadeIn&#8220; link=&#8220;https:\/\/www.bezner.com\/projects\/sorting-plant-municipal-solid-waste\/&#8220;]<div class=\"wpb_text_column\"><div class=\"wpb_wrapper\"><\/div><\/div>\n<h4><a href=\"https:\/\/www.bezner.com\/projects\/sorting-plant-municipal-solid-waste\/\" target=\"_blank\" rel=\"noopener noreferrer\"><strong>RECYKLA\u010cN\u00c1 LINKA NA ZMIE\u0160AN\u00dd ODPAD<\/strong><\/a><\/h4>\n<p>Materi\u00e1l: Zmie\u0161an\u00fd odpad (MSW)<br \/>\nKapacita: 16 t\/h<\/p>\n<\/div><\/div><\/div><\/div><div class=\"wpb_column vc_column_container\"><div class=\"vc_column-inner\"><div class=\"wpb_text_column\"><div class=\"wpb_wrapper\"><p>[vc_single_image image=&#8220;19707&#8243; img_size=&#8220;310&#215;170&#8243; onclick=&#8220;custom_link&#8220; img_link_target=&#8220;_blank&#8220; css_animation=&#8220;fadeIn&#8220; link=&#8220;https:\/\/www.bezner.com\/projects\/sorting-plant-packaging\/&#8220;]<div class=\"wpb_text_column\"><div class=\"wpb_wrapper\"><\/div><\/div>\n<h4><a href=\"https:\/\/www.bezner.com\/projects\/sorting-plant-packaging\/\" target=\"_blank\" rel=\"noopener noreferrer\"><strong>RECYKLA\u010cN\u00c1 LINKA NA PLASTY<\/strong><\/a><\/h4>\n<p>Materi\u00e1l: Plastov\u00e9 obaly<br \/>\nKapacita: 10 t\/h<\/p>\n<\/div><\/div><\/div><\/div><div class=\"wpb_column vc_column_container\"><div class=\"vc_column-inner\"><div class=\"wpb_text_column\"><div class=\"wpb_wrapper\"><p>[vc_single_image image=&#8220;19712&#8243; img_size=&#8220;310&#215;170&#8243; onclick=&#8220;custom_link&#8220; img_link_target=&#8220;_blank&#8220; css_animation=&#8220;fadeIn&#8220; link=&#8220;https:\/\/www.bezner.com\/projects\/pet-recycling-plant\/&#8220;]<div class=\"wpb_text_column\"><div class=\"wpb_wrapper\"><\/div><\/div>\n<h4><a href=\"https:\/\/www.bezner.com\/projects\/pet-recycling-plant\/\" target=\"_blank\" rel=\"noopener noreferrer\"><strong>RECYKLA\u010cN\u00c1 LINKA NA PET F\u013dA\u0160E<\/strong><\/a><\/h4>\n<p>Materi\u00e1l: PET f\u013ea\u0161e<br \/>\nKapacita: 2 t\/h<\/p>\n<\/div><\/div><\/div><\/div><div class=\"wpb_column vc_column_container\"><div class=\"vc_column-inner\"><div class=\"wpb_text_column\"><div class=\"wpb_wrapper\"><p>[vc_single_image image=&#8220;8884&#8243; img_size=&#8220;310&#215;170&#8243; onclick=&#8220;custom_link&#8220; img_link_target=&#8220;_blank&#8220; css_animation=&#8220;fadeIn&#8220; link=&#8220;https:\/\/www.bezner.com\/projects\/recycling-plant-industrial-demolition-waste\/&#8220;]<div class=\"wpb_text_column\"><div class=\"wpb_wrapper\"><\/div><\/div>\n<h4><a href=\"https:\/\/www.bezner.com\/projects\/recycling-plant-industrial-demolition-waste\/\" target=\"_blank\" rel=\"noopener noreferrer\"><strong>RECYKLA\u010cN\u00c1 LINKA NA STAVEBN\u00dd ODPAD<\/strong><\/a><\/h4>\n<p>Materi\u00e1l: Priemyseln\u00fd odpad, Stavebn\u00fd a demola\u010dn\u00fd odpad<br \/>\nKapacita: 30 t\/h<\/p>\n<\/div><\/div><\/div><\/div><\/div><\/div><\/section><section class=\"l-section wpb_row us_custom_b6c0c2aa height_small\"><div class=\"l-section-h i-cf\"><div class=\"g-cols vc_row via_grid cols_4 laptops-cols_inherit tablets-cols_inherit mobiles-cols_1 valign_top type_default stacking_default\"><div class=\"wpb_column vc_column_container\"><div class=\"vc_column-inner\"><div class=\"wpb_text_column\"><div class=\"wpb_wrapper\"><p>[vc_single_image image=&#8220;8869&#8243; img_size=&#8220;300&#215;170&#8243; onclick=&#8220;custom_link&#8220; img_link_target=&#8220;_blank&#8220; css_animation=&#8220;fadeIn&#8220; link=&#8220;https:\/\/www.bezner.com\/projects\/sorting-plant-pre-washed-2d-3d-municipal-solid-waste\/&#8220;]<div class=\"wpb_text_column\"><div class=\"wpb_wrapper\"><\/div><\/div>\n<h4><a href=\"https:\/\/www.bezner.com\/projects\/sorting-plant-pre-washed-2d-3d-municipal-solid-waste\/\" target=\"_blank\" rel=\"noopener noreferrer\"><strong>TRIEDIACA LINKA NA 2D &amp; SD ZMIE\u0160AN\u00dd ODPAD<\/strong><\/a><\/h4>\n<p>Materi\u00e1l: Zmie\u0161an\u00fd odpad<br \/>\nKapacita: 1,9 &#8211; 3,5 t\/h<\/p>\n<\/div><\/div><\/div><\/div><div class=\"wpb_column vc_column_container\"><div class=\"vc_column-inner\"><div class=\"wpb_text_column\"><div class=\"wpb_wrapper\"><p>[vc_single_image image=&#8220;8888&#8243; img_size=&#8220;300&#215;170&#8243; onclick=&#8220;custom_link&#8220; img_link_target=&#8220;_blank&#8220; css_animation=&#8220;fadeIn&#8220; link=&#8220;https:\/\/www.bezner.com\/projects\/waste-sorting-plant-scrapped-electronic-electric-equipment-weee\/&#8220;]<div class=\"wpb_text_column\"><div class=\"wpb_wrapper\"><\/div><\/div>\n<h4><strong><a href=\"https:\/\/www.bezner.com\/projects\/waste-sorting-plant-scrapped-electronic-electric-equipment-weee\/\" target=\"_blank\" rel=\"noopener noreferrer\">RECYKLA\u010cN\u00c1 LINKA NA ELEKTROODPAD<\/a><\/strong><\/h4>\n<p>Materi\u00e1l: Elektroodpad; \u013dahk\u00e9 kovy<br \/>\nKapacita: 8 t\/h for WEEE and 10 to 14 t\/h for light metals mix<\/p>\n<\/div><\/div><\/div><\/div><div class=\"wpb_column vc_column_container\"><div class=\"vc_column-inner\"><div class=\"wpb_text_column\"><div class=\"wpb_wrapper\"><p>[vc_single_image image=&#8220;19718&#8243; img_size=&#8220;300&#215;170&#8243; onclick=&#8220;custom_link&#8220; img_link_target=&#8220;_blank&#8220; css_animation=&#8220;fadeIn&#8220; link=&#8220;https:\/\/www.bezner.com\/projects\/recycling-and-renewable-energy-center\/&#8220;]<div class=\"wpb_text_column\"><div class=\"wpb_wrapper\"><\/div><\/div>\n<h4><a href=\"https:\/\/www.bezner.com\/projects\/recycling-and-renewable-energy-center\/\" target=\"_blank\" rel=\"noopener noreferrer\"><strong>Recykla\u010dn\u00e9 a obnovite\u013en\u00e9 energetick\u00e9 centrum<\/strong><\/a><\/h4>\n<p>Materi\u00e1l: Zmie\u0161an\u00fd odpad<br \/>\nKapacita: 200,000 t\/year<br \/>\nDodan\u00e9 vybavenie: 183 strojov<\/p>\n<\/div><\/div><\/div><\/div><div class=\"wpb_column vc_column_container\"><div class=\"vc_column-inner\"><div class=\"wpb_text_column\"><div class=\"wpb_wrapper\"><p>[vc_single_image image=&#8220;19723&#8243; img_size=&#8220;300&#215;170&#8243; onclick=&#8220;custom_link&#8220; img_link_target=&#8220;_blank&#8220; css_animation=&#8220;fadeIn&#8220; link=&#8220;https:\/\/www.bezner.com\/projects\/plastic-recycling-plant\/&#8220;]<div class=\"wpb_text_column\"><div class=\"wpb_wrapper\"><\/div><\/div>\n<h4><a href=\"https:\/\/www.bezner.com\/projects\/plastic-recycling-plant\/\" target=\"_blank\" rel=\"noopener noreferrer\"><strong>Recykla\u010dn\u00e1 linka na plasty<\/strong><\/a><\/h4>\n<p>Materi\u00e1l: PET f\u013ea\u0161e<br \/>\nKapacita: 6 t\/h<\/p>\n<\/div><\/div><\/div><\/div><\/div><\/div><\/section><section class=\"l-section wpb_row us_custom_b6c0c2aa height_small\"><div class=\"l-section-h i-cf\"><div class=\"g-cols vc_row via_grid cols_4 laptops-cols_inherit tablets-cols_inherit mobiles-cols_1 valign_top type_default stacking_default\"><div class=\"wpb_column vc_column_container\"><div class=\"vc_column-inner\"><div class=\"wpb_text_column\"><div class=\"wpb_wrapper\"><p>[vc_single_image image=&#8220;8899&#8243; img_size=&#8220;300&#215;170&#8243; onclick=&#8220;custom_link&#8220; img_link_target=&#8220;_blank&#8220; css_animation=&#8220;fadeIn&#8220; link=&#8220;https:\/\/www.heiligbv.com\/projects\/incinerator-bottom-ash-iba-recycling-installation-2\/&#8220;]<div class=\"wpb_text_column\"><div class=\"wpb_wrapper\"><\/div><\/div>\n<h4><a href=\"https:\/\/www.heiligbv.com\/projects\/incinerator-bottom-ash-iba-recycling-installation-2\/\" target=\"_blank\" rel=\"noopener noreferrer\"><strong>Linka na recykl\u00e1ciu spodn\u00e9ho popola<\/strong><\/a><\/h4>\n<p>Materi\u00e1l: Spodn\u00fd popol zo spa\u013eovn\u00ed<br \/>\nKapacita: 80 t\/h<\/p>\n<\/div><\/div><\/div><\/div><div class=\"wpb_column vc_column_container\"><div class=\"vc_column-inner\"><div class=\"wpb_text_column\"><div class=\"wpb_wrapper\"><p>[vc_single_image image=&#8220;8898&#8243; img_size=&#8220;300&#215;170&#8243; onclick=&#8220;custom_link&#8220; img_link_target=&#8220;_blank&#8220; css_animation=&#8220;fadeIn&#8220; link=&#8220;https:\/\/www.bezner.com\/projects\/glass-recycling-plant\/&#8220;]<div class=\"wpb_text_column\"><div class=\"wpb_wrapper\"><\/div><\/div>\n<h4><a href=\"https:\/\/www.bezner.com\/projects\/glass-recycling-plant\/\" target=\"_blank\" rel=\"noopener noreferrer\"><strong>Recykla\u010dn\u00e1 linka na sklo<\/strong><\/a><\/h4>\n<p>Materi\u00e1l: Sklo<br \/>\nKapacita: 28 t\/h<\/p>\n<\/div><\/div><\/div><\/div><div class=\"wpb_column vc_column_container\"><div class=\"vc_column-inner\"><div class=\"wpb_text_column\"><div class=\"wpb_wrapper\"><p>[vc_single_image image=&#8220;8897&#8243; img_size=&#8220;300&#215;170&#8243; onclick=&#8220;custom_link&#8220; img_link_target=&#8220;_blank&#8220; css_animation=&#8220;fadeIn&#8220; link=&#8220;https:\/\/www.heiligbv.com\/projects\/incinerator-bottom-ash-iba-recycling-plant-2\/&#8220;]<div class=\"wpb_text_column\"><div class=\"wpb_wrapper\"><\/div><\/div>\n<h4><a href=\"https:\/\/www.heiligbv.com\/projects\/incinerator-bottom-ash-iba-recycling-plant-2\/\" target=\"_blank\" rel=\"noopener noreferrer\"><strong>Linka na recykl\u00e1ciu spodn\u00e9ho popola<\/strong><\/a><\/h4>\n<p>Materi\u00e1l: Spodn\u00fd popol<br \/>\nKapacita: 50 t\/h<\/p>\n<\/div><\/div><\/div><\/div><div class=\"wpb_column vc_column_container\"><div class=\"vc_column-inner\"><div class=\"wpb_text_column\"><div class=\"wpb_wrapper\"><p>[vc_single_image image=&#8220;8896&#8243; img_size=&#8220;300&#215;170&#8243; onclick=&#8220;custom_link&#8220; img_link_target=&#8220;_blank&#8220; css_animation=&#8220;fadeIn&#8220; link=&#8220;https:\/\/www.heiligbv.com\/projects\/incinerator-bottom-ash-iba-recycling-installation\/&#8220;]<div class=\"wpb_text_column\"><div class=\"wpb_wrapper\"><\/div><\/div>\n<h4><a href=\"https:\/\/www.heiligbv.com\/projects\/incinerator-bottom-ash-iba-recycling-installation\/\" target=\"_blank\" rel=\"noopener noreferrer\"><strong>Linka na recykl\u00e1ciu spodn\u00e9ho popola<\/strong><\/a><\/h4>\n<p>Materi\u00e1l: Spodn\u00fd popol<br \/>\nKapacita: 120 t\/h<\/p>\n<\/div><\/div><\/div><\/div><\/div><\/div><\/section><section class=\"l-section wpb_row us_custom_da519f55 height_small\"><div class=\"l-section-h i-cf\"><div class=\"g-cols vc_row via_grid cols_4 laptops-cols_inherit tablets-cols_inherit mobiles-cols_1 valign_top type_default stacking_default\"><div class=\"wpb_column vc_column_container\"><div class=\"vc_column-inner\"><div class=\"wpb_text_column\"><div class=\"wpb_wrapper\"><p>[vc_single_image image=&#8220;8900&#8243; img_size=&#8220;300&#215;170&#8243; onclick=&#8220;custom_link&#8220; img_link_target=&#8220;_blank&#8220; css_animation=&#8220;fadeIn&#8220; link=&#8220;http:\/\/www.bub-anlagenbau.de\/projects\/pe-pp-rigid-plastic-film-washing-line\/&#8220;]<div class=\"wpb_text_column\"><div class=\"wpb_wrapper\"><\/div><\/div>\n<h4><strong><a href=\"http:\/\/www.bub-anlagenbau.de\/projects\/pe-pp-rigid-plastic-film-washing-line\/\" target=\"_blank\" rel=\"noopener noreferrer\">LINKA NA RECYKL\u00c1CIU PLASTOV (PE, PP, LDPE, LLDPE)<\/a><\/strong><\/h4>\n<p>Materi\u00e1l: PE, PP, LDPE, LLDPE<br \/>\nKapacita: 3000 kg\/h<\/p>\n<\/div><\/div><\/div><\/div><div class=\"wpb_column vc_column_container\"><div class=\"vc_column-inner\"><div class=\"wpb_text_column\"><div class=\"wpb_wrapper\"><p>[vc_single_image image=&#8220;8901&#8243; img_size=&#8220;300&#215;170&#8243; onclick=&#8220;custom_link&#8220; img_link_target=&#8220;_blank&#8220; css_animation=&#8220;fadeIn&#8220; link=&#8220;http:\/\/www.bub-anlagenbau.de\/projects\/pet-recycling-plant-automatic-sorting\/&#8220;]<div class=\"wpb_text_column\"><div class=\"wpb_wrapper\"><\/div><\/div>\n<h4><strong><a href=\"http:\/\/www.bub-anlagenbau.de\/projects\/pet-recycling-plant-automatic-sorting\/\" target=\"_blank\" rel=\"noopener noreferrer\">PET RECYKLA\u010cN\u00c1 LINKA S AUTOMATICK\u00ddM TRIEDEN\u00cdM<\/a><\/strong><\/h4>\n<p>Materi\u00e1l: PETf\u013ea\u0161e<br \/>\nKapacita: 2000 kg\/h<\/p>\n<\/div><\/div><\/div><\/div><div class=\"wpb_column vc_column_container\"><div class=\"vc_column-inner\"><div class=\"wpb_text_column\"><div class=\"wpb_wrapper\"><p>[vc_single_image image=&#8220;8902&#8243; img_size=&#8220;300&#215;170&#8243; onclick=&#8220;custom_link&#8220; img_link_target=&#8220;_blank&#8220; css_animation=&#8220;fadeIn&#8220; link=&#8220;http:\/\/www.bub-anlagenbau.de\/projects\/pet-bottle-recycling-washing-plant\/&#8220;]<div class=\"wpb_text_column\"><div class=\"wpb_wrapper\"><\/div><\/div>\n<h4><strong><a href=\"http:\/\/www.bub-anlagenbau.de\/projects\/pet-bottle-recycling-washing-plant\/\" target=\"_blank\" rel=\"noopener noreferrer\">Recykla\u010dn\u00e1 linka na plasty<\/a><\/strong><\/h4>\n<p>Materi\u00e1l: PET f\u013ea\u0161e<br \/>\nKapacita: 3000 kg\/h<\/p>\n<\/div><\/div><\/div><\/div><div class=\"wpb_column vc_column_container\"><div class=\"vc_column-inner\"><div class=\"wpb_text_column\"><div class=\"wpb_wrapper\"><p>[vc_single_image image=&#8220;8903&#8243; img_size=&#8220;300&#215;170&#8243; onclick=&#8220;custom_link&#8220; img_link_target=&#8220;_blank&#8220; css_animation=&#8220;fadeIn&#8220; link=&#8220;http:\/\/www.bub-anlagenbau.de\/projects\/pet-recycling-washing-plant-urrc-process\/&#8220;]<div class=\"wpb_text_column\"><div class=\"wpb_wrapper\"><\/div><\/div>\n<h4><strong><a href=\"http:\/\/www.bub-anlagenbau.de\/projects\/pet-recycling-washing-plant-urrc-process\/\" target=\"_blank\" rel=\"noopener noreferrer\">RECYKLA\u010cN\u00c1 LINKA NA PLASTY<\/a><\/strong><\/h4>\n<p>Materi\u00e1l: PET f\u013ea\u0161e<br \/>\nKapacita: 1800 kg\/h<\/p>\n<\/div><\/div><\/div><\/div><\/div><\/div><\/section>\n","protected":false},"excerpt":{"rendered":"Recykl\u00e1cia a spracovanie odpaduDomovsk\u00e1 str\u00e1nkaStr\u00e1nkyPre optim\u00e1lnu recykl\u00e1ciu odpadu vyr\u00e1bame stroje na nakladanie s odpadmi a recykl\u00e1ciu v s\u00falade s cie\u013emi, rozmermi a rozpo\u010dtom z\u00e1kazn\u00edka. Vyr\u00e1bame be\u017en\u00e9 komponenty, aj kompletn\u00e9 technologick\u00e9 celky prisp\u00f4soben\u00e9 na mieru. Vieme zahrn\u00fa\u0165 aj \u0161peci\u00e1lne zariadenia mimo n\u00e1\u0161ho sortimentu od extern\u00fdch dod\u00e1vate\u013eov. T\u00fdmto sp\u00f4sobom n\u00e1\u0161 projektov\u00fd t\u00edm pon\u00faka rie\u0161enia na k\u013e\u00fa\u010d. V\u010faka...","protected":false},"author":56,"featured_media":0,"parent":8918,"menu_order":0,"comment_status":"closed","ping_status":"closed","template":"","meta":{"_acf_changed":false,"footnotes":""},"class_list":["post-8820","page","type-page","status-publish","hentry"],"acf":[],"yoast_head":"<!-- This site is optimized with the Yoast SEO plugin v27.5 - https:\/\/yoast.com\/product\/yoast-seo-wordpress\/ -->\n<title>Recykl\u00e1cia a spracovanie odpadu - Heilig Group<\/title>\n<meta name=\"description\" content=\"Pre optim\u00e1lnu recykl\u00e1ciu odpadu vyr\u00e1bame stroje na nakladanie s odpadmi a recykl\u00e1ciu v s\u00falade s cie\u013emi, rozmermi a rozpo\u010dtom z\u00e1kazn\u00edka.\" \/>\n<meta name=\"robots\" content=\"index, follow, max-snippet:-1, max-image-preview:large, max-video-preview:-1\" \/>\n<link rel=\"canonical\" href=\"https:\/\/www.heilig-group.com\/sk\/referencie\/recyklacia-spracovanie-odpadu\/\" \/>\n<meta property=\"og:locale\" content=\"sk_SK\" \/>\n<meta property=\"og:type\" content=\"article\" \/>\n<meta property=\"og:title\" content=\"Recykl\u00e1cia a spracovanie odpadu - Heilig Group\" \/>\n<meta property=\"og:description\" content=\"Pre optim\u00e1lnu recykl\u00e1ciu odpadu vyr\u00e1bame stroje na nakladanie s odpadmi a recykl\u00e1ciu v s\u00falade s cie\u013emi, rozmermi a rozpo\u010dtom z\u00e1kazn\u00edka.\" \/>\n<meta property=\"og:url\" content=\"https:\/\/www.heilig-group.com\/sk\/referencie\/recyklacia-spracovanie-odpadu\/\" \/>\n<meta property=\"og:site_name\" content=\"Heilig Group\" \/>\n<meta property=\"article:modified_time\" content=\"2025-08-04T15:15:18+00:00\" \/>\n<meta name=\"twitter:card\" content=\"summary_large_image\" \/>\n<meta name=\"twitter:label1\" content=\"Predpokladan\u00fd \u010das \u010d\u00edtania\" \/>\n\t<meta name=\"twitter:data1\" content=\"3 min\u00faty\" \/>\n<script type=\"application\/ld+json\" class=\"yoast-schema-graph\">{\"@context\":\"https:\\\/\\\/schema.org\",\"@graph\":[{\"@type\":\"WebPage\",\"@id\":\"https:\\\/\\\/www.heilig-group.com\\\/sk\\\/referencie\\\/recyklacia-spracovanie-odpadu\\\/\",\"url\":\"https:\\\/\\\/www.heilig-group.com\\\/sk\\\/referencie\\\/recyklacia-spracovanie-odpadu\\\/\",\"name\":\"Recykl\u00e1cia a spracovanie odpadu - Heilig Group\",\"isPartOf\":{\"@id\":\"https:\\\/\\\/www.heilig-group.com\\\/sk\\\/#website\"},\"datePublished\":\"2018-06-06T07:36:48+00:00\",\"dateModified\":\"2025-08-04T15:15:18+00:00\",\"description\":\"Pre optim\u00e1lnu recykl\u00e1ciu odpadu vyr\u00e1bame stroje na nakladanie s odpadmi a recykl\u00e1ciu v s\u00falade s cie\u013emi, rozmermi a rozpo\u010dtom z\u00e1kazn\u00edka.\",\"breadcrumb\":{\"@id\":\"https:\\\/\\\/www.heilig-group.com\\\/sk\\\/referencie\\\/recyklacia-spracovanie-odpadu\\\/#breadcrumb\"},\"inLanguage\":\"sk-SK\",\"potentialAction\":[{\"@type\":\"ReadAction\",\"target\":[\"https:\\\/\\\/www.heilig-group.com\\\/sk\\\/referencie\\\/recyklacia-spracovanie-odpadu\\\/\"]}]},{\"@type\":\"BreadcrumbList\",\"@id\":\"https:\\\/\\\/www.heilig-group.com\\\/sk\\\/referencie\\\/recyklacia-spracovanie-odpadu\\\/#breadcrumb\",\"itemListElement\":[{\"@type\":\"ListItem\",\"position\":1,\"name\":\"Home\",\"item\":\"https:\\\/\\\/www.heilig-group.com\\\/sk\\\/\"},{\"@type\":\"ListItem\",\"position\":2,\"name\":\"Referencie\",\"item\":\"https:\\\/\\\/www.heilig-group.com\\\/sk\\\/referencie\\\/\"},{\"@type\":\"ListItem\",\"position\":3,\"name\":\"Recykl\u00e1cia a spracovanie odpadu\"}]},{\"@type\":\"WebSite\",\"@id\":\"https:\\\/\\\/www.heilig-group.com\\\/sk\\\/#website\",\"url\":\"https:\\\/\\\/www.heilig-group.com\\\/sk\\\/\",\"name\":\"Heilig Group\",\"description\":\"Werken bij Heilig Group\",\"potentialAction\":[{\"@type\":\"SearchAction\",\"target\":{\"@type\":\"EntryPoint\",\"urlTemplate\":\"https:\\\/\\\/www.heilig-group.com\\\/sk\\\/?s={search_term_string}\"},\"query-input\":{\"@type\":\"PropertyValueSpecification\",\"valueRequired\":true,\"valueName\":\"search_term_string\"}}],\"inLanguage\":\"sk-SK\"}]}<\/script>\n<!-- \/ Yoast SEO plugin. -->","yoast_head_json":{"title":"Recykl\u00e1cia a spracovanie odpadu - Heilig Group","description":"Pre optim\u00e1lnu recykl\u00e1ciu odpadu vyr\u00e1bame stroje na nakladanie s odpadmi a recykl\u00e1ciu v s\u00falade s cie\u013emi, rozmermi a rozpo\u010dtom z\u00e1kazn\u00edka.","robots":{"index":"index","follow":"follow","max-snippet":"max-snippet:-1","max-image-preview":"max-image-preview:large","max-video-preview":"max-video-preview:-1"},"canonical":"https:\/\/www.heilig-group.com\/sk\/referencie\/recyklacia-spracovanie-odpadu\/","og_locale":"sk_SK","og_type":"article","og_title":"Recykl\u00e1cia a spracovanie odpadu - Heilig Group","og_description":"Pre optim\u00e1lnu recykl\u00e1ciu odpadu vyr\u00e1bame stroje na nakladanie s odpadmi a recykl\u00e1ciu v s\u00falade s cie\u013emi, rozmermi a rozpo\u010dtom z\u00e1kazn\u00edka.","og_url":"https:\/\/www.heilig-group.com\/sk\/referencie\/recyklacia-spracovanie-odpadu\/","og_site_name":"Heilig Group","article_modified_time":"2025-08-04T15:15:18+00:00","twitter_card":"summary_large_image","twitter_misc":{"Predpokladan\u00fd \u010das \u010d\u00edtania":"3 min\u00faty"},"schema":{"@context":"https:\/\/schema.org","@graph":[{"@type":"WebPage","@id":"https:\/\/www.heilig-group.com\/sk\/referencie\/recyklacia-spracovanie-odpadu\/","url":"https:\/\/www.heilig-group.com\/sk\/referencie\/recyklacia-spracovanie-odpadu\/","name":"Recykl\u00e1cia a spracovanie odpadu - Heilig Group","isPartOf":{"@id":"https:\/\/www.heilig-group.com\/sk\/#website"},"datePublished":"2018-06-06T07:36:48+00:00","dateModified":"2025-08-04T15:15:18+00:00","description":"Pre optim\u00e1lnu recykl\u00e1ciu odpadu vyr\u00e1bame stroje na nakladanie s odpadmi a recykl\u00e1ciu v s\u00falade s cie\u013emi, rozmermi a rozpo\u010dtom z\u00e1kazn\u00edka.","breadcrumb":{"@id":"https:\/\/www.heilig-group.com\/sk\/referencie\/recyklacia-spracovanie-odpadu\/#breadcrumb"},"inLanguage":"sk-SK","potentialAction":[{"@type":"ReadAction","target":["https:\/\/www.heilig-group.com\/sk\/referencie\/recyklacia-spracovanie-odpadu\/"]}]},{"@type":"BreadcrumbList","@id":"https:\/\/www.heilig-group.com\/sk\/referencie\/recyklacia-spracovanie-odpadu\/#breadcrumb","itemListElement":[{"@type":"ListItem","position":1,"name":"Home","item":"https:\/\/www.heilig-group.com\/sk\/"},{"@type":"ListItem","position":2,"name":"Referencie","item":"https:\/\/www.heilig-group.com\/sk\/referencie\/"},{"@type":"ListItem","position":3,"name":"Recykl\u00e1cia a spracovanie odpadu"}]},{"@type":"WebSite","@id":"https:\/\/www.heilig-group.com\/sk\/#website","url":"https:\/\/www.heilig-group.com\/sk\/","name":"Heilig Group","description":"Werken bij Heilig Group","potentialAction":[{"@type":"SearchAction","target":{"@type":"EntryPoint","urlTemplate":"https:\/\/www.heilig-group.com\/sk\/?s={search_term_string}"},"query-input":{"@type":"PropertyValueSpecification","valueRequired":true,"valueName":"search_term_string"}}],"inLanguage":"sk-SK"}]}},"_links":{"self":[{"href":"https:\/\/www.heilig-group.com\/sk\/wp-json\/wp\/v2\/pages\/8820","targetHints":{"allow":["GET"]}}],"collection":[{"href":"https:\/\/www.heilig-group.com\/sk\/wp-json\/wp\/v2\/pages"}],"about":[{"href":"https:\/\/www.heilig-group.com\/sk\/wp-json\/wp\/v2\/types\/page"}],"author":[{"embeddable":true,"href":"https:\/\/www.heilig-group.com\/sk\/wp-json\/wp\/v2\/users\/56"}],"replies":[{"embeddable":true,"href":"https:\/\/www.heilig-group.com\/sk\/wp-json\/wp\/v2\/comments?post=8820"}],"version-history":[{"count":2,"href":"https:\/\/www.heilig-group.com\/sk\/wp-json\/wp\/v2\/pages\/8820\/revisions"}],"predecessor-version":[{"id":23049,"href":"https:\/\/www.heilig-group.com\/sk\/wp-json\/wp\/v2\/pages\/8820\/revisions\/23049"}],"up":[{"embeddable":true,"href":"https:\/\/www.heilig-group.com\/sk\/wp-json\/wp\/v2\/pages\/8918"}],"wp:attachment":[{"href":"https:\/\/www.heilig-group.com\/sk\/wp-json\/wp\/v2\/media?parent=8820"}],"curies":[{"name":"wp","href":"https:\/\/api.w.org\/{rel}","templated":true}]}}